{"id":303,"date":"2025-02-13T00:01:25","date_gmt":"2025-02-13T00:01:25","guid":{"rendered":"https:\/\/tv.joycemeyer.org\/slovene\/?post_type=devotional&#038;p=303"},"modified":"2025-04-28T21:54:55","modified_gmt":"2025-04-28T21:54:55","slug":"jejte-mocno-hrano-bozje-besede","status":"publish","type":"devotional","link":"https:\/\/tv.joycemeyer.org\/slovene\/devotional\/jejte-mocno-hrano-bozje-besede\/","title":{"rendered":"Jejte \u201cmo\u010dno hrano\u201d Bo\u017eje Besede"},"content":{"rendered":"<blockquote><p>Mo\u010dna hrana je za odrasle, za take, ki imajo zaradi svoje trajne dr\u017ee izurjena \u010dutila in du\u0161evne sposobnosti, da razlikujejo in lo\u010dijo med tem, kar je moralno dobro in plemenito, in tem, kar je zlo in nasprotuje bodisi Bo\u017ejim bodisi \u010dlove\u0161kim zakonom. (Hebrejcem 5,14)<\/p><\/blockquote>\n<p>Spominjam se, kako sem hranila svoje otroke, ko so bili dojen\u010dki. Dokler sem jim dajala banane in breskve, je bilo vse dobro. Ko pa sem jim ponudila \u017eli\u010dko graha, so rekli \u201cPppfff!\u201d Tako sem morala postrgati grah z bradice in ponovno potisniti \u017eli\u010dko nazaj v usta. Nekaj \u010dasa je trajalo, a prej ali slej so jedli grah.<\/p>\n<p>Enako je z dojen\u010dki kristjani. Ko za\u010dnemo u\u017eivati Bo\u017ejo Besedo, za\u010dnemo duhovno rasti. Nehamo \u017eiveti v mesenosti in za\u010dnemo delati, kar On \u017eeli.<\/p>\n<p>Pregovori 4,18 nam povedo, da se steza pravi\u010dnih sveti svetleje in jasneje vsak dan, ko se \u0161e naprej nasi\u010dujemo z Bo\u017ejo Besedo. Klju\u010dni besedi sta \u2018\u0161e naprej\u2019. \u0160e naprej moramo imeti radi Besedo, jo prou\u010devati in poslu\u0161ati, da nas lahko spremeni.<\/p>\n<p>Ste kdaj zapeljali skozi rumeno lu\u010d? Morda se vam je mudilo in ste mislili, da to lahko naredite. \u010ce to delate vedno znova, boste prej ali slej povzro\u010dili prometno nesre\u010do. Podobno je z Bo\u017ejo Besedo.<\/p>\n<p>\u010ce \u0161e naprej po\u010dnemo, kar vemo, da ne bi smeli, in se sku\u0161amo prikrasti mimo, bomo lahko prizadeti. Bo\u017eja Beseda je tu zato, da nas za\u0161\u010diti.<\/p>\n<p>Pismo Hebrejcem 5,14 pravi, da je mo\u010dna hrana za tiste, ki so zreli, in so se zaradi izku\u0161enosti nau\u010dili razlikovati med tem, kar je prav, in kar je narobe.<\/p>\n<p>\u201cMo\u010dna hrana\u201d Besede vas bo \u201cobsodila\u201d, ampak to je dobro. To je Sveti Duh, ki vas v va\u0161em srcu prepri\u010duje, da va\u0161a stali\u0161\u010da zaudarjajo, oziroma da ste na napa\u010dni poti.<\/p>\n<p>Hranite se z Besedo, to je klju\u010dno, da gre va\u0161e \u017eivljenje v pravo smer. Zato ne bodite dojen\u010dki \u2026 Sprejmite mo\u010dno hrano Besede!<\/p>\n<hr \/>\n<h4><strong>Kratka molitev<\/strong><\/h4>\n<p>Gospod, vem, da je Tvoja Beseda edina pot k zrelosti. Vodi me in mi pomagaj rasti, ko prejemam mo\u010dno hrano Tvoje Besede. Tako bom lahko tak \u010dlovek, kakr\u0161nega si Ti ustvaril, da sem v Kristusu.<\/p>\n","protected":false},"excerpt":{"rendered":"<p>Spominjam se, kako sem hranila svoje otroke, ko so bili dojen\u010dki &#8230;<\/p>\n","protected":false},"author":15,"featured_media":1995,"parent":0,"menu_order":0,"comment_status":"closed","ping_status":"closed","template":"","class_list":["post-303","devotional","type-devotional","status-publish","has-post-thumbnail","hentry"],"acf":[],"appp":{"post_detail":{"above_title":"<div class=\"post-featured-wrap\"><img width=\"1024\" height=\"597\" src=\"https:\/\/tv.joycemeyer.org\/slovene\/wp-content\/uploads\/sites\/89\/2020\/03\/2557-1024x597.jpg\" class=\"post-featured wp-post-image\" alt=\"Jejte \u201cmo\u010dno hrano\u201d Bo\u017eje Besede\" decoding=\"async\" srcset=\"https:\/\/tv.joycemeyer.org\/slovene\/wp-content\/uploads\/sites\/89\/2020\/03\/2557-1024x597.jpg 1024w, https:\/\/tv.joycemeyer.org\/slovene\/wp-content\/uploads\/sites\/89\/2020\/03\/2557-300x175.jpg 300w, https:\/\/tv.joycemeyer.org\/slovene\/wp-content\/uploads\/sites\/89\/2020\/03\/2557-768x448.jpg 768w, https:\/\/tv.joycemeyer.org\/slovene\/wp-content\/uploads\/sites\/89\/2020\/03\/2557-1536x896.jpg 1536w, https:\/\/tv.joycemeyer.org\/slovene\/wp-content\/uploads\/sites\/89\/2020\/03\/2557.jpg 1800w\" sizes=\"(max-width: 1024px) 100vw, 1024px\" \/><\/div>","below_content":""}},"yoast_head":"<!-- This site is optimized with the Yoast SEO plugin v27.4 - https:\/\/yoast.com\/product\/yoast-seo-wordpress\/ -->\n<title>Jejte \u201cmo\u010dno hrano\u201d Bo\u017eje Besede - Joyce Meyer Ministries - Slovensko<\/title>\n<meta name=\"robots\" content=\"index, follow, max-snippet:-1, max-image-preview:large, max-video-preview:-1\" \/>\n<link rel=\"canonical\" href=\"https:\/\/tv.joycemeyer.org\/slovene\/devotional\/jejte-mocno-hrano-bozje-besede\/\" \/>\n<meta property=\"og:locale\" content=\"en_US\" \/>\n<meta property=\"og:type\" content=\"article\" \/>\n<meta property=\"og:title\" content=\"Jejte \u201cmo\u010dno hrano\u201d Bo\u017eje Besede - Joyce Meyer Ministries - Slovensko\" \/>\n<meta property=\"og:description\" content=\"Spominjam se, kako sem hranila svoje otroke, ko so bili dojen\u010dki ...\" \/>\n<meta property=\"og:url\" content=\"https:\/\/tv.joycemeyer.org\/slovene\/devotional\/jejte-mocno-hrano-bozje-besede\/\" \/>\n<meta property=\"og:site_name\" content=\"Joyce Meyer Ministries - Slovensko\" \/>\n<meta property=\"article:modified_time\" content=\"2025-04-28T21:54:55+00:00\" \/>\n<meta property=\"og:image\" content=\"https:\/\/tv.joycemeyer.org\/slovene\/wp-content\/uploads\/sites\/89\/2020\/03\/2557.jpg\" \/>\n\t<meta property=\"og:image:width\" content=\"1800\" \/>\n\t<meta property=\"og:image:height\" content=\"1050\" \/>\n\t<meta property=\"og:image:type\" content=\"image\/jpeg\" \/>\n<meta name=\"twitter:card\" content=\"summary_large_image\" \/>\n<meta name=\"twitter:label1\" content=\"Est. reading time\" \/>\n\t<meta name=\"twitter:data1\" content=\"2 minutes\" \/>\n<script type=\"application\/ld+json\" class=\"yoast-schema-graph\">{\"@context\":\"https:\\\/\\\/schema.org\",\"@graph\":[{\"@type\":\"WebPage\",\"@id\":\"https:\\\/\\\/tv.joycemeyer.org\\\/slovene\\\/devotional\\\/jejte-mocno-hrano-bozje-besede\\\/\",\"url\":\"https:\\\/\\\/tv.joycemeyer.org\\\/slovene\\\/devotional\\\/jejte-mocno-hrano-bozje-besede\\\/\",\"name\":\"Jejte \u201cmo\u010dno hrano\u201d Bo\u017eje Besede - Joyce Meyer Ministries - Slovensko\",\"isPartOf\":{\"@id\":\"https:\\\/\\\/tv.joycemeyer.org\\\/slovene\\\/#website\"},\"primaryImageOfPage\":{\"@id\":\"https:\\\/\\\/tv.joycemeyer.org\\\/slovene\\\/devotional\\\/jejte-mocno-hrano-bozje-besede\\\/#primaryimage\"},\"image\":{\"@id\":\"https:\\\/\\\/tv.joycemeyer.org\\\/slovene\\\/devotional\\\/jejte-mocno-hrano-bozje-besede\\\/#primaryimage\"},\"thumbnailUrl\":\"https:\\\/\\\/tv.joycemeyer.org\\\/slovene\\\/wp-content\\\/uploads\\\/sites\\\/89\\\/2020\\\/03\\\/2557.jpg\",\"datePublished\":\"2025-02-13T00:01:25+00:00\",\"dateModified\":\"2025-04-28T21:54:55+00:00\",\"breadcrumb\":{\"@id\":\"https:\\\/\\\/tv.joycemeyer.org\\\/slovene\\\/devotional\\\/jejte-mocno-hrano-bozje-besede\\\/#breadcrumb\"},\"inLanguage\":\"en-US\",\"potentialAction\":[{\"@type\":\"ReadAction\",\"target\":[\"https:\\\/\\\/tv.joycemeyer.org\\\/slovene\\\/devotional\\\/jejte-mocno-hrano-bozje-besede\\\/\"]}]},{\"@type\":\"ImageObject\",\"inLanguage\":\"en-US\",\"@id\":\"https:\\\/\\\/tv.joycemeyer.org\\\/slovene\\\/devotional\\\/jejte-mocno-hrano-bozje-besede\\\/#primaryimage\",\"url\":\"https:\\\/\\\/tv.joycemeyer.org\\\/slovene\\\/wp-content\\\/uploads\\\/sites\\\/89\\\/2020\\\/03\\\/2557.jpg\",\"contentUrl\":\"https:\\\/\\\/tv.joycemeyer.org\\\/slovene\\\/wp-content\\\/uploads\\\/sites\\\/89\\\/2020\\\/03\\\/2557.jpg\",\"width\":1800,\"height\":1050,\"caption\":\"Jejte \u201cmo\u010dno hrano\u201d Bo\u017eje Besede\"},{\"@type\":\"BreadcrumbList\",\"@id\":\"https:\\\/\\\/tv.joycemeyer.org\\\/slovene\\\/devotional\\\/jejte-mocno-hrano-bozje-besede\\\/#breadcrumb\",\"itemListElement\":[{\"@type\":\"ListItem\",\"position\":1,\"name\":\"Home\",\"item\":\"https:\\\/\\\/tv.joycemeyer.org\\\/slovene\\\/\"},{\"@type\":\"ListItem\",\"position\":2,\"name\":\"Devotional\",\"item\":\"https:\\\/\\\/tv.joycemeyer.org\\\/slovene\\\/devotional\\\/\"},{\"@type\":\"ListItem\",\"position\":3,\"name\":\"Jejte \u201cmo\u010dno hrano\u201d Bo\u017eje Besede\"}]},{\"@type\":\"WebSite\",\"@id\":\"https:\\\/\\\/tv.joycemeyer.org\\\/slovene\\\/#website\",\"url\":\"https:\\\/\\\/tv.joycemeyer.org\\\/slovene\\\/\",\"name\":\"Joyce Meyer Ministries - Slovensko\",\"description\":\"Deliti Kristusa - ljubiti ljudi\",\"potentialAction\":[{\"@type\":\"SearchAction\",\"target\":{\"@type\":\"EntryPoint\",\"urlTemplate\":\"https:\\\/\\\/tv.joycemeyer.org\\\/slovene\\\/?s={search_term_string}\"},\"query-input\":{\"@type\":\"PropertyValueSpecification\",\"valueRequired\":true,\"valueName\":\"search_term_string\"}}],\"inLanguage\":\"en-US\"}]}<\/script>\n<!-- \/ Yoast SEO plugin. -->","yoast_head_json":{"title":"Jejte \u201cmo\u010dno hrano\u201d Bo\u017eje Besede - Joyce Meyer Ministries - Slovensko","robots":{"index":"index","follow":"follow","max-snippet":"max-snippet:-1","max-image-preview":"max-image-preview:large","max-video-preview":"max-video-preview:-1"},"canonical":"https:\/\/tv.joycemeyer.org\/slovene\/devotional\/jejte-mocno-hrano-bozje-besede\/","og_locale":"en_US","og_type":"article","og_title":"Jejte \u201cmo\u010dno hrano\u201d Bo\u017eje Besede - Joyce Meyer Ministries - Slovensko","og_description":"Spominjam se, kako sem hranila svoje otroke, ko so bili dojen\u010dki ...","og_url":"https:\/\/tv.joycemeyer.org\/slovene\/devotional\/jejte-mocno-hrano-bozje-besede\/","og_site_name":"Joyce Meyer Ministries - Slovensko","article_modified_time":"2025-04-28T21:54:55+00:00","og_image":[{"width":1800,"height":1050,"url":"https:\/\/tv.joycemeyer.org\/slovene\/wp-content\/uploads\/sites\/89\/2020\/03\/2557.jpg","type":"image\/jpeg"}],"twitter_card":"summary_large_image","twitter_misc":{"Est. reading time":"2 minutes"},"schema":{"@context":"https:\/\/schema.org","@graph":[{"@type":"WebPage","@id":"https:\/\/tv.joycemeyer.org\/slovene\/devotional\/jejte-mocno-hrano-bozje-besede\/","url":"https:\/\/tv.joycemeyer.org\/slovene\/devotional\/jejte-mocno-hrano-bozje-besede\/","name":"Jejte \u201cmo\u010dno hrano\u201d Bo\u017eje Besede - Joyce Meyer Ministries - Slovensko","isPartOf":{"@id":"https:\/\/tv.joycemeyer.org\/slovene\/#website"},"primaryImageOfPage":{"@id":"https:\/\/tv.joycemeyer.org\/slovene\/devotional\/jejte-mocno-hrano-bozje-besede\/#primaryimage"},"image":{"@id":"https:\/\/tv.joycemeyer.org\/slovene\/devotional\/jejte-mocno-hrano-bozje-besede\/#primaryimage"},"thumbnailUrl":"https:\/\/tv.joycemeyer.org\/slovene\/wp-content\/uploads\/sites\/89\/2020\/03\/2557.jpg","datePublished":"2025-02-13T00:01:25+00:00","dateModified":"2025-04-28T21:54:55+00:00","breadcrumb":{"@id":"https:\/\/tv.joycemeyer.org\/slovene\/devotional\/jejte-mocno-hrano-bozje-besede\/#breadcrumb"},"inLanguage":"en-US","potentialAction":[{"@type":"ReadAction","target":["https:\/\/tv.joycemeyer.org\/slovene\/devotional\/jejte-mocno-hrano-bozje-besede\/"]}]},{"@type":"ImageObject","inLanguage":"en-US","@id":"https:\/\/tv.joycemeyer.org\/slovene\/devotional\/jejte-mocno-hrano-bozje-besede\/#primaryimage","url":"https:\/\/tv.joycemeyer.org\/slovene\/wp-content\/uploads\/sites\/89\/2020\/03\/2557.jpg","contentUrl":"https:\/\/tv.joycemeyer.org\/slovene\/wp-content\/uploads\/sites\/89\/2020\/03\/2557.jpg","width":1800,"height":1050,"caption":"Jejte \u201cmo\u010dno hrano\u201d Bo\u017eje Besede"},{"@type":"BreadcrumbList","@id":"https:\/\/tv.joycemeyer.org\/slovene\/devotional\/jejte-mocno-hrano-bozje-besede\/#breadcrumb","itemListElement":[{"@type":"ListItem","position":1,"name":"Home","item":"https:\/\/tv.joycemeyer.org\/slovene\/"},{"@type":"ListItem","position":2,"name":"Devotional","item":"https:\/\/tv.joycemeyer.org\/slovene\/devotional\/"},{"@type":"ListItem","position":3,"name":"Jejte \u201cmo\u010dno hrano\u201d Bo\u017eje Besede"}]},{"@type":"WebSite","@id":"https:\/\/tv.joycemeyer.org\/slovene\/#website","url":"https:\/\/tv.joycemeyer.org\/slovene\/","name":"Joyce Meyer Ministries - Slovensko","description":"Deliti Kristusa - ljubiti ljudi","potentialAction":[{"@type":"SearchAction","target":{"@type":"EntryPoint","urlTemplate":"https:\/\/tv.joycemeyer.org\/slovene\/?s={search_term_string}"},"query-input":{"@type":"PropertyValueSpecification","valueRequired":true,"valueName":"search_term_string"}}],"inLanguage":"en-US"}]}},"_links":{"self":[{"href":"https:\/\/tv.joycemeyer.org\/slovene\/wp-json\/wp\/v2\/devotional\/303","targetHints":{"allow":["GET"]}}],"collection":[{"href":"https:\/\/tv.joycemeyer.org\/slovene\/wp-json\/wp\/v2\/devotional"}],"about":[{"href":"https:\/\/tv.joycemeyer.org\/slovene\/wp-json\/wp\/v2\/types\/devotional"}],"author":[{"embeddable":true,"href":"https:\/\/tv.joycemeyer.org\/slovene\/wp-json\/wp\/v2\/users\/15"}],"replies":[{"embeddable":true,"href":"https:\/\/tv.joycemeyer.org\/slovene\/wp-json\/wp\/v2\/comments?post=303"}],"wp:featuredmedia":[{"embeddable":true,"href":"https:\/\/tv.joycemeyer.org\/slovene\/wp-json\/wp\/v2\/media\/1995"}],"wp:attachment":[{"href":"https:\/\/tv.joycemeyer.org\/slovene\/wp-json\/wp\/v2\/media?parent=303"}],"curies":[{"name":"wp","href":"https:\/\/api.w.org\/{rel}","templated":true}]}}