{"id":1693,"date":"2026-05-02T00:01:45","date_gmt":"2026-05-02T00:01:45","guid":{"rendered":"https:\/\/tv.joycemeyer.org\/srbija\/?post_type=devotional&#038;p=1693"},"modified":"2025-08-07T19:29:57","modified_gmt":"2025-08-07T19:29:57","slug":"bozije-delo-u-tvom-zivotu","status":"publish","type":"devotional","link":"https:\/\/tv.joycemeyer.org\/srbija\/devotional\/bozije-delo-u-tvom-zivotu\/","title":{"rendered":"Bo\u017eije delo u tvom \u017eivotu"},"content":{"rendered":"<p><strong>\u2018\u2019I svi mi licem koje nije pokriveno velom odra\u017eavamo Gospodnju slavu i preobra\u017eavamo se u istu sliku &#8211; iz slave u slavu koja dolazi od Gospoda, koji je Duh.\u2019\u2019 \u20142. Korin\u0107anima 3:18<\/strong><\/p>\n<p>Bog te preobra\u017eava iz slave u slavu, ali ne zaboravi da u\u017eiva\u0161 u slavi u kojoj se trenutno nalazi\u0161, dok si na putu za slede\u0107u. Ne upore\u0111uj se sa drugima i ne upore\u0111uj ono \u0161to Bog radi u tvom \u017eivotu sa \u017eivotom nekog drugog. Svako od nas je pri\u010da za sebe i Bog sa svakim radi druga\u010dije u skladu sa onim \u0161to mu je potrebno. Mo\u017eda ne\u0107e\u0161 svakog dana primetiti promene, zato \u017eelim da rasplamsam tvoju veru kako bi verovao da Bog radi, ba\u0161 kao \u0161to je i rekao. Zapamti, vide\u0107emo stvari nakon \u0161to uzverujemo, ne pre toga. Borimo se sa sobom zbog svega \u0161to nismo, umesto da proslavljamo Boga za sve ono \u0161to jesmo. Slavljenje nas osloba\u0111a napetosti jer tada ulazimo u Bo\u017eiju prisutnost i u\u017eivamo vi\u0161e nego ikad. Na\u0161e mane po\u010dinju da blede a Bo\u017eiji karakter se o\u010dituje u nama.<\/p>\n<p><strong>Kada verujemo Bogu dajemo mu prostora da radi u na\u0161em \u017eivotu.<\/strong><\/p>\n","protected":false},"excerpt":{"rendered":"<p>Bog te preobra\u017eava iz slave u slavu, ali ne zaboravi da u\u017eiva\u0161 u slavi u kojoj se trenutno nalazi\u0161, dok si na putu za slede\u0107u&#8230;<\/p>\n","protected":false},"author":19,"featured_media":1694,"parent":0,"menu_order":0,"comment_status":"closed","ping_status":"closed","template":"","class_list":["post-1693","devotional","type-devotional","status-publish","has-post-thumbnail","hentry"],"acf":[],"appp":{"post_detail":{"above_title":"<div class=\"post-featured-wrap\"><img width=\"1024\" height=\"597\" src=\"https:\/\/tv.joycemeyer.org\/srbija\/wp-content\/uploads\/sites\/86\/2022\/02\/2221-1024x597.jpg\" class=\"post-featured wp-post-image\" alt=\"Bo\u017eije delo u tvom \u017eivotu\" decoding=\"async\" srcset=\"https:\/\/tv.joycemeyer.org\/srbija\/wp-content\/uploads\/sites\/86\/2022\/02\/2221-1024x597.jpg 1024w, https:\/\/tv.joycemeyer.org\/srbija\/wp-content\/uploads\/sites\/86\/2022\/02\/2221-300x175.jpg 300w, https:\/\/tv.joycemeyer.org\/srbija\/wp-content\/uploads\/sites\/86\/2022\/02\/2221-768x448.jpg 768w, https:\/\/tv.joycemeyer.org\/srbija\/wp-content\/uploads\/sites\/86\/2022\/02\/2221-1536x896.jpg 1536w, https:\/\/tv.joycemeyer.org\/srbija\/wp-content\/uploads\/sites\/86\/2022\/02\/2221.jpg 1800w\" sizes=\"(max-width: 1024px) 100vw, 1024px\" \/><\/div>","below_content":"<div class=\"follow\"><ul class=\"nav nav--social nav--flex\"><\/ul><\/div>"}},"yoast_head":"<!-- This site is optimized with the Yoast SEO plugin v27.4 - https:\/\/yoast.com\/product\/yoast-seo-wordpress\/ -->\n<title>Bo\u017eije delo u tvom \u017eivotu - Joyce Meyer Ministries - Srbija<\/title>\n<meta name=\"robots\" content=\"index, follow, max-snippet:-1, max-image-preview:large, max-video-preview:-1\" \/>\n<link rel=\"canonical\" href=\"https:\/\/tv.joycemeyer.org\/srbija\/devotional\/bozije-delo-u-tvom-zivotu\/\" \/>\n<meta property=\"og:locale\" content=\"en_US\" \/>\n<meta property=\"og:type\" content=\"article\" \/>\n<meta property=\"og:title\" content=\"Bo\u017eije delo u tvom \u017eivotu - Joyce Meyer Ministries - Srbija\" \/>\n<meta property=\"og:description\" content=\"Bog te preobra\u017eava iz slave u slavu, ali ne zaboravi da u\u017eiva\u0161 u slavi u kojoj se trenutno nalazi\u0161, dok si na putu za slede\u0107u...\" \/>\n<meta property=\"og:url\" content=\"https:\/\/tv.joycemeyer.org\/srbija\/devotional\/bozije-delo-u-tvom-zivotu\/\" \/>\n<meta property=\"og:site_name\" content=\"Joyce Meyer Ministries - Srbija\" \/>\n<meta property=\"og:image\" content=\"https:\/\/tv.joycemeyer.org\/srbija\/wp-content\/uploads\/sites\/86\/2022\/02\/2221.jpg\" \/>\n\t<meta property=\"og:image:width\" content=\"1800\" \/>\n\t<meta property=\"og:image:height\" content=\"1050\" \/>\n\t<meta property=\"og:image:type\" content=\"image\/jpeg\" \/>\n<meta name=\"twitter:card\" content=\"summary_large_image\" \/>\n<meta name=\"twitter:label1\" content=\"Est. reading time\" \/>\n\t<meta name=\"twitter:data1\" content=\"2 minutes\" \/>\n<script type=\"application\/ld+json\" class=\"yoast-schema-graph\">{\"@context\":\"https:\\\/\\\/schema.org\",\"@graph\":[{\"@type\":\"WebPage\",\"@id\":\"https:\\\/\\\/tv.joycemeyer.org\\\/srbija\\\/devotional\\\/bozije-delo-u-tvom-zivotu\\\/\",\"url\":\"https:\\\/\\\/tv.joycemeyer.org\\\/srbija\\\/devotional\\\/bozije-delo-u-tvom-zivotu\\\/\",\"name\":\"Bo\u017eije delo u tvom \u017eivotu - Joyce Meyer Ministries - Srbija\",\"isPartOf\":{\"@id\":\"https:\\\/\\\/tv.joycemeyer.org\\\/srbija\\\/#website\"},\"primaryImageOfPage\":{\"@id\":\"https:\\\/\\\/tv.joycemeyer.org\\\/srbija\\\/devotional\\\/bozije-delo-u-tvom-zivotu\\\/#primaryimage\"},\"image\":{\"@id\":\"https:\\\/\\\/tv.joycemeyer.org\\\/srbija\\\/devotional\\\/bozije-delo-u-tvom-zivotu\\\/#primaryimage\"},\"thumbnailUrl\":\"https:\\\/\\\/tv.joycemeyer.org\\\/srbija\\\/wp-content\\\/uploads\\\/sites\\\/86\\\/2022\\\/02\\\/2221.jpg\",\"datePublished\":\"2026-05-02T00:01:45+00:00\",\"breadcrumb\":{\"@id\":\"https:\\\/\\\/tv.joycemeyer.org\\\/srbija\\\/devotional\\\/bozije-delo-u-tvom-zivotu\\\/#breadcrumb\"},\"inLanguage\":\"en-US\",\"potentialAction\":[{\"@type\":\"ReadAction\",\"target\":[\"https:\\\/\\\/tv.joycemeyer.org\\\/srbija\\\/devotional\\\/bozije-delo-u-tvom-zivotu\\\/\"]}]},{\"@type\":\"ImageObject\",\"inLanguage\":\"en-US\",\"@id\":\"https:\\\/\\\/tv.joycemeyer.org\\\/srbija\\\/devotional\\\/bozije-delo-u-tvom-zivotu\\\/#primaryimage\",\"url\":\"https:\\\/\\\/tv.joycemeyer.org\\\/srbija\\\/wp-content\\\/uploads\\\/sites\\\/86\\\/2022\\\/02\\\/2221.jpg\",\"contentUrl\":\"https:\\\/\\\/tv.joycemeyer.org\\\/srbija\\\/wp-content\\\/uploads\\\/sites\\\/86\\\/2022\\\/02\\\/2221.jpg\",\"width\":1800,\"height\":1050,\"caption\":\"Bo\u017eije delo u tvom \u017eivotu\"},{\"@type\":\"BreadcrumbList\",\"@id\":\"https:\\\/\\\/tv.joycemeyer.org\\\/srbija\\\/devotional\\\/bozije-delo-u-tvom-zivotu\\\/#breadcrumb\",\"itemListElement\":[{\"@type\":\"ListItem\",\"position\":1,\"name\":\"Home\",\"item\":\"https:\\\/\\\/tv.joycemeyer.org\\\/srbija\\\/\"},{\"@type\":\"ListItem\",\"position\":2,\"name\":\"Devotional\",\"item\":\"https:\\\/\\\/tv.joycemeyer.org\\\/srbija\\\/devotional\\\/\"},{\"@type\":\"ListItem\",\"position\":3,\"name\":\"Bo\u017eije delo u tvom \u017eivotu\"}]},{\"@type\":\"WebSite\",\"@id\":\"https:\\\/\\\/tv.joycemeyer.org\\\/srbija\\\/#website\",\"url\":\"https:\\\/\\\/tv.joycemeyer.org\\\/srbija\\\/\",\"name\":\"Joyce Meyer Ministries - Srbija\",\"description\":\"Deliti Hrista - voleti ljude\",\"potentialAction\":[{\"@type\":\"SearchAction\",\"target\":{\"@type\":\"EntryPoint\",\"urlTemplate\":\"https:\\\/\\\/tv.joycemeyer.org\\\/srbija\\\/?s={search_term_string}\"},\"query-input\":{\"@type\":\"PropertyValueSpecification\",\"valueRequired\":true,\"valueName\":\"search_term_string\"}}],\"inLanguage\":\"en-US\"}]}<\/script>\n<!-- \/ Yoast SEO plugin. -->","yoast_head_json":{"title":"Bo\u017eije delo u tvom \u017eivotu - Joyce Meyer Ministries - Srbija","robots":{"index":"index","follow":"follow","max-snippet":"max-snippet:-1","max-image-preview":"max-image-preview:large","max-video-preview":"max-video-preview:-1"},"canonical":"https:\/\/tv.joycemeyer.org\/srbija\/devotional\/bozije-delo-u-tvom-zivotu\/","og_locale":"en_US","og_type":"article","og_title":"Bo\u017eije delo u tvom \u017eivotu - Joyce Meyer Ministries - Srbija","og_description":"Bog te preobra\u017eava iz slave u slavu, ali ne zaboravi da u\u017eiva\u0161 u slavi u kojoj se trenutno nalazi\u0161, dok si na putu za slede\u0107u...","og_url":"https:\/\/tv.joycemeyer.org\/srbija\/devotional\/bozije-delo-u-tvom-zivotu\/","og_site_name":"Joyce Meyer Ministries - Srbija","og_image":[{"width":1800,"height":1050,"url":"https:\/\/tv.joycemeyer.org\/srbija\/wp-content\/uploads\/sites\/86\/2022\/02\/2221.jpg","type":"image\/jpeg"}],"twitter_card":"summary_large_image","twitter_misc":{"Est. reading time":"2 minutes"},"schema":{"@context":"https:\/\/schema.org","@graph":[{"@type":"WebPage","@id":"https:\/\/tv.joycemeyer.org\/srbija\/devotional\/bozije-delo-u-tvom-zivotu\/","url":"https:\/\/tv.joycemeyer.org\/srbija\/devotional\/bozije-delo-u-tvom-zivotu\/","name":"Bo\u017eije delo u tvom \u017eivotu - Joyce Meyer Ministries - Srbija","isPartOf":{"@id":"https:\/\/tv.joycemeyer.org\/srbija\/#website"},"primaryImageOfPage":{"@id":"https:\/\/tv.joycemeyer.org\/srbija\/devotional\/bozije-delo-u-tvom-zivotu\/#primaryimage"},"image":{"@id":"https:\/\/tv.joycemeyer.org\/srbija\/devotional\/bozije-delo-u-tvom-zivotu\/#primaryimage"},"thumbnailUrl":"https:\/\/tv.joycemeyer.org\/srbija\/wp-content\/uploads\/sites\/86\/2022\/02\/2221.jpg","datePublished":"2026-05-02T00:01:45+00:00","breadcrumb":{"@id":"https:\/\/tv.joycemeyer.org\/srbija\/devotional\/bozije-delo-u-tvom-zivotu\/#breadcrumb"},"inLanguage":"en-US","potentialAction":[{"@type":"ReadAction","target":["https:\/\/tv.joycemeyer.org\/srbija\/devotional\/bozije-delo-u-tvom-zivotu\/"]}]},{"@type":"ImageObject","inLanguage":"en-US","@id":"https:\/\/tv.joycemeyer.org\/srbija\/devotional\/bozije-delo-u-tvom-zivotu\/#primaryimage","url":"https:\/\/tv.joycemeyer.org\/srbija\/wp-content\/uploads\/sites\/86\/2022\/02\/2221.jpg","contentUrl":"https:\/\/tv.joycemeyer.org\/srbija\/wp-content\/uploads\/sites\/86\/2022\/02\/2221.jpg","width":1800,"height":1050,"caption":"Bo\u017eije delo u tvom \u017eivotu"},{"@type":"BreadcrumbList","@id":"https:\/\/tv.joycemeyer.org\/srbija\/devotional\/bozije-delo-u-tvom-zivotu\/#breadcrumb","itemListElement":[{"@type":"ListItem","position":1,"name":"Home","item":"https:\/\/tv.joycemeyer.org\/srbija\/"},{"@type":"ListItem","position":2,"name":"Devotional","item":"https:\/\/tv.joycemeyer.org\/srbija\/devotional\/"},{"@type":"ListItem","position":3,"name":"Bo\u017eije delo u tvom \u017eivotu"}]},{"@type":"WebSite","@id":"https:\/\/tv.joycemeyer.org\/srbija\/#website","url":"https:\/\/tv.joycemeyer.org\/srbija\/","name":"Joyce Meyer Ministries - Srbija","description":"Deliti Hrista - voleti ljude","potentialAction":[{"@type":"SearchAction","target":{"@type":"EntryPoint","urlTemplate":"https:\/\/tv.joycemeyer.org\/srbija\/?s={search_term_string}"},"query-input":{"@type":"PropertyValueSpecification","valueRequired":true,"valueName":"search_term_string"}}],"inLanguage":"en-US"}]}},"_links":{"self":[{"href":"https:\/\/tv.joycemeyer.org\/srbija\/wp-json\/wp\/v2\/devotional\/1693","targetHints":{"allow":["GET"]}}],"collection":[{"href":"https:\/\/tv.joycemeyer.org\/srbija\/wp-json\/wp\/v2\/devotional"}],"about":[{"href":"https:\/\/tv.joycemeyer.org\/srbija\/wp-json\/wp\/v2\/types\/devotional"}],"author":[{"embeddable":true,"href":"https:\/\/tv.joycemeyer.org\/srbija\/wp-json\/wp\/v2\/users\/19"}],"replies":[{"embeddable":true,"href":"https:\/\/tv.joycemeyer.org\/srbija\/wp-json\/wp\/v2\/comments?post=1693"}],"wp:featuredmedia":[{"embeddable":true,"href":"https:\/\/tv.joycemeyer.org\/srbija\/wp-json\/wp\/v2\/media\/1694"}],"wp:attachment":[{"href":"https:\/\/tv.joycemeyer.org\/srbija\/wp-json\/wp\/v2\/media?parent=1693"}],"curies":[{"name":"wp","href":"https:\/\/api.w.org\/{rel}","templated":true}]}}