{"id":2521,"date":"2019-02-26T00:01:26","date_gmt":"2019-02-26T00:01:26","guid":{"rendered":"https:\/\/tv.joycemeyer.org\/srbija\/?post_type=devotional&#038;p=2521"},"modified":"2023-02-08T14:40:39","modified_gmt":"2023-02-08T14:40:39","slug":"citaj-boziju-rec-za-sebe-2","status":"publish","type":"devotional","link":"https:\/\/tv.joycemeyer.org\/srbija\/devotional\/citaj-boziju-rec-za-sebe-2\/","title":{"rendered":"\u010citaj Bo\u017eiju Re\u010d za sebe"},"content":{"rendered":"<blockquote><p>\u2019\u2019Pisah vam, oci, jer poznaste Onog koji je od po\u010detka. Pisah vam, mladi\u0107i, jer ste jaki, i re\u010d Bo\u017eija u vama stoji, i nadvladaste ne\u010dastivog.\u2019\u2019 Prva Jovanova 2:14<\/p><\/blockquote>\n<p>Ako si se ikad pitao za\u0161to uvek izgleda da se suo\u010dava\u0161 sa ne\u010dim \u2013 jednim ili drugim problemom \u2013 i nema\u0161 pobedu nad tim u svom \u017eivotu, mo\u017eda bi trebao da vi\u0161e vremena provodi\u0161 \u010ditaju\u0107i Re\u010d.<\/p>\n<p>Mnogi vernici odlaze u crkvu svake nedelje da bi slu\u0161ali kako neko drugi propoveda Re\u010d, ali nikada ne \u010ditaju sami za sebe. Ukoliko \u017eeli\u0161 da \u017eivi\u0161 \u017eivot ispunjen pobedama, stavi Bo\u017eiju Re\u010d na prvpo mesto u svom svakodnevnom \u017eivotu. To prakti\u010dno zna\u010di da mo\u017ee\u0161 da izgovara\u0161 Bo\u017eiju Re\u010d dok se ujutru sprema\u0161 ili dok si na putu ka poslu. Slobodno vreme iskoristi za \u010ditanje Re\u010di i molitvu.<\/p>\n<p>Ovo su samo neke ideje na koji na\u010din Bo\u017eiju Re\u010d mo\u017ee\u0161 da uklju\u010di\u0161 u svoj \u017eivot. U\u010dini ono \u0161to je najbolje za tebe, da bude\u0161 siguran \u0107e sledi\u0161 Njegovu istinu na dnevnoj osnovi. Kada ti Bo\u017eija Re\u010d postane prioritet, to \u0107e promeniti tvoj \u017eivot.<\/p>\n<hr \/>\n<h4><strong>Po\u010detak molitve<\/strong><\/h4>\n<p>Gospode, \u017eelim da u potpunosti uklju\u010dim Tvoju Re\u010d u svoj \u017eivot. Ne \u017eelim samo jednom nedeljno da slu\u0161am nekog drugog kako govori iz Re\u010di, \u017eelim da je \u010ditam za sebe. Vodi me i poka\u017ei mi na\u010dine kako da budem dosledan u tome.<\/p>\n","protected":false},"excerpt":{"rendered":"<p>Kada ti Bo\u017eija Re\u010d postane prioritet, to \u0107e promeniti tvoj \u017eivot.<\/p>\n","protected":false},"author":20,"featured_media":2522,"parent":0,"menu_order":0,"comment_status":"closed","ping_status":"closed","template":"","class_list":["post-2521","devotional","type-devotional","status-publish","has-post-thumbnail","hentry"],"acf":[],"appp":{"post_detail":{"above_title":"<div class=\"post-featured-wrap\"><img width=\"960\" height=\"560\" src=\"https:\/\/tv.joycemeyer.org\/srbija\/wp-content\/uploads\/sites\/86\/2023\/02\/1845.jpg\" class=\"post-featured wp-post-image\" alt=\"\u010citaj Bo\u017eiju Re\u010d za sebe\" decoding=\"async\" srcset=\"https:\/\/tv.joycemeyer.org\/srbija\/wp-content\/uploads\/sites\/86\/2023\/02\/1845.jpg 960w, https:\/\/tv.joycemeyer.org\/srbija\/wp-content\/uploads\/sites\/86\/2023\/02\/1845-300x175.jpg 300w, https:\/\/tv.joycemeyer.org\/srbija\/wp-content\/uploads\/sites\/86\/2023\/02\/1845-768x448.jpg 768w\" sizes=\"(max-width: 960px) 100vw, 960px\" \/><\/div>","below_content":"<div class=\"follow\"><ul class=\"nav nav--social nav--flex\"><\/ul><\/div>"}},"yoast_head":"<!-- This site is optimized with the Yoast SEO plugin v27.4 - https:\/\/yoast.com\/product\/yoast-seo-wordpress\/ -->\n<title>\u010citaj Bo\u017eiju Re\u010d za sebe - Joyce Meyer Ministries - Srbija<\/title>\n<meta name=\"robots\" content=\"index, follow, max-snippet:-1, max-image-preview:large, max-video-preview:-1\" \/>\n<link rel=\"canonical\" href=\"https:\/\/tv.joycemeyer.org\/srbija\/devotional\/citaj-boziju-rec-za-sebe-2\/\" \/>\n<meta property=\"og:locale\" content=\"en_US\" \/>\n<meta property=\"og:type\" content=\"article\" \/>\n<meta property=\"og:title\" content=\"\u010citaj Bo\u017eiju Re\u010d za sebe - Joyce Meyer Ministries - Srbija\" \/>\n<meta property=\"og:description\" content=\"Kada ti Bo\u017eija Re\u010d postane prioritet, to \u0107e promeniti tvoj \u017eivot.\" \/>\n<meta property=\"og:url\" content=\"https:\/\/tv.joycemeyer.org\/srbija\/devotional\/citaj-boziju-rec-za-sebe-2\/\" \/>\n<meta property=\"og:site_name\" content=\"Joyce Meyer Ministries - Srbija\" \/>\n<meta property=\"article:modified_time\" content=\"2023-02-08T14:40:39+00:00\" \/>\n<meta property=\"og:image\" content=\"https:\/\/tv.joycemeyer.org\/srbija\/wp-content\/uploads\/sites\/86\/2023\/02\/1845.jpg\" \/>\n\t<meta property=\"og:image:width\" content=\"960\" \/>\n\t<meta property=\"og:image:height\" content=\"560\" \/>\n\t<meta property=\"og:image:type\" content=\"image\/jpeg\" \/>\n<meta name=\"twitter:card\" content=\"summary_large_image\" \/>\n<meta name=\"twitter:label1\" content=\"Est. reading time\" \/>\n\t<meta name=\"twitter:data1\" content=\"1 minute\" \/>\n<script type=\"application\/ld+json\" class=\"yoast-schema-graph\">{\"@context\":\"https:\\\/\\\/schema.org\",\"@graph\":[{\"@type\":\"WebPage\",\"@id\":\"https:\\\/\\\/tv.joycemeyer.org\\\/srbija\\\/devotional\\\/citaj-boziju-rec-za-sebe-2\\\/\",\"url\":\"https:\\\/\\\/tv.joycemeyer.org\\\/srbija\\\/devotional\\\/citaj-boziju-rec-za-sebe-2\\\/\",\"name\":\"\u010citaj Bo\u017eiju Re\u010d za sebe - Joyce Meyer Ministries - Srbija\",\"isPartOf\":{\"@id\":\"https:\\\/\\\/tv.joycemeyer.org\\\/srbija\\\/#website\"},\"primaryImageOfPage\":{\"@id\":\"https:\\\/\\\/tv.joycemeyer.org\\\/srbija\\\/devotional\\\/citaj-boziju-rec-za-sebe-2\\\/#primaryimage\"},\"image\":{\"@id\":\"https:\\\/\\\/tv.joycemeyer.org\\\/srbija\\\/devotional\\\/citaj-boziju-rec-za-sebe-2\\\/#primaryimage\"},\"thumbnailUrl\":\"https:\\\/\\\/tv.joycemeyer.org\\\/srbija\\\/wp-content\\\/uploads\\\/sites\\\/86\\\/2023\\\/02\\\/1845.jpg\",\"datePublished\":\"2019-02-26T00:01:26+00:00\",\"dateModified\":\"2023-02-08T14:40:39+00:00\",\"breadcrumb\":{\"@id\":\"https:\\\/\\\/tv.joycemeyer.org\\\/srbija\\\/devotional\\\/citaj-boziju-rec-za-sebe-2\\\/#breadcrumb\"},\"inLanguage\":\"en-US\",\"potentialAction\":[{\"@type\":\"ReadAction\",\"target\":[\"https:\\\/\\\/tv.joycemeyer.org\\\/srbija\\\/devotional\\\/citaj-boziju-rec-za-sebe-2\\\/\"]}]},{\"@type\":\"ImageObject\",\"inLanguage\":\"en-US\",\"@id\":\"https:\\\/\\\/tv.joycemeyer.org\\\/srbija\\\/devotional\\\/citaj-boziju-rec-za-sebe-2\\\/#primaryimage\",\"url\":\"https:\\\/\\\/tv.joycemeyer.org\\\/srbija\\\/wp-content\\\/uploads\\\/sites\\\/86\\\/2023\\\/02\\\/1845.jpg\",\"contentUrl\":\"https:\\\/\\\/tv.joycemeyer.org\\\/srbija\\\/wp-content\\\/uploads\\\/sites\\\/86\\\/2023\\\/02\\\/1845.jpg\",\"width\":960,\"height\":560,\"caption\":\"\u010citaj Bo\u017eiju Re\u010d za sebe\"},{\"@type\":\"BreadcrumbList\",\"@id\":\"https:\\\/\\\/tv.joycemeyer.org\\\/srbija\\\/devotional\\\/citaj-boziju-rec-za-sebe-2\\\/#breadcrumb\",\"itemListElement\":[{\"@type\":\"ListItem\",\"position\":1,\"name\":\"Home\",\"item\":\"https:\\\/\\\/tv.joycemeyer.org\\\/srbija\\\/\"},{\"@type\":\"ListItem\",\"position\":2,\"name\":\"Devotional\",\"item\":\"https:\\\/\\\/tv.joycemeyer.org\\\/srbija\\\/devotional\\\/\"},{\"@type\":\"ListItem\",\"position\":3,\"name\":\"\u010citaj Bo\u017eiju Re\u010d za sebe\"}]},{\"@type\":\"WebSite\",\"@id\":\"https:\\\/\\\/tv.joycemeyer.org\\\/srbija\\\/#website\",\"url\":\"https:\\\/\\\/tv.joycemeyer.org\\\/srbija\\\/\",\"name\":\"Joyce Meyer Ministries - Srbija\",\"description\":\"Deliti Hrista - voleti ljude\",\"potentialAction\":[{\"@type\":\"SearchAction\",\"target\":{\"@type\":\"EntryPoint\",\"urlTemplate\":\"https:\\\/\\\/tv.joycemeyer.org\\\/srbija\\\/?s={search_term_string}\"},\"query-input\":{\"@type\":\"PropertyValueSpecification\",\"valueRequired\":true,\"valueName\":\"search_term_string\"}}],\"inLanguage\":\"en-US\"}]}<\/script>\n<!-- \/ Yoast SEO plugin. -->","yoast_head_json":{"title":"\u010citaj Bo\u017eiju Re\u010d za sebe - Joyce Meyer Ministries - Srbija","robots":{"index":"index","follow":"follow","max-snippet":"max-snippet:-1","max-image-preview":"max-image-preview:large","max-video-preview":"max-video-preview:-1"},"canonical":"https:\/\/tv.joycemeyer.org\/srbija\/devotional\/citaj-boziju-rec-za-sebe-2\/","og_locale":"en_US","og_type":"article","og_title":"\u010citaj Bo\u017eiju Re\u010d za sebe - Joyce Meyer Ministries - Srbija","og_description":"Kada ti Bo\u017eija Re\u010d postane prioritet, to \u0107e promeniti tvoj \u017eivot.","og_url":"https:\/\/tv.joycemeyer.org\/srbija\/devotional\/citaj-boziju-rec-za-sebe-2\/","og_site_name":"Joyce Meyer Ministries - Srbija","article_modified_time":"2023-02-08T14:40:39+00:00","og_image":[{"width":960,"height":560,"url":"https:\/\/tv.joycemeyer.org\/srbija\/wp-content\/uploads\/sites\/86\/2023\/02\/1845.jpg","type":"image\/jpeg"}],"twitter_card":"summary_large_image","twitter_misc":{"Est. reading time":"1 minute"},"schema":{"@context":"https:\/\/schema.org","@graph":[{"@type":"WebPage","@id":"https:\/\/tv.joycemeyer.org\/srbija\/devotional\/citaj-boziju-rec-za-sebe-2\/","url":"https:\/\/tv.joycemeyer.org\/srbija\/devotional\/citaj-boziju-rec-za-sebe-2\/","name":"\u010citaj Bo\u017eiju Re\u010d za sebe - Joyce Meyer Ministries - Srbija","isPartOf":{"@id":"https:\/\/tv.joycemeyer.org\/srbija\/#website"},"primaryImageOfPage":{"@id":"https:\/\/tv.joycemeyer.org\/srbija\/devotional\/citaj-boziju-rec-za-sebe-2\/#primaryimage"},"image":{"@id":"https:\/\/tv.joycemeyer.org\/srbija\/devotional\/citaj-boziju-rec-za-sebe-2\/#primaryimage"},"thumbnailUrl":"https:\/\/tv.joycemeyer.org\/srbija\/wp-content\/uploads\/sites\/86\/2023\/02\/1845.jpg","datePublished":"2019-02-26T00:01:26+00:00","dateModified":"2023-02-08T14:40:39+00:00","breadcrumb":{"@id":"https:\/\/tv.joycemeyer.org\/srbija\/devotional\/citaj-boziju-rec-za-sebe-2\/#breadcrumb"},"inLanguage":"en-US","potentialAction":[{"@type":"ReadAction","target":["https:\/\/tv.joycemeyer.org\/srbija\/devotional\/citaj-boziju-rec-za-sebe-2\/"]}]},{"@type":"ImageObject","inLanguage":"en-US","@id":"https:\/\/tv.joycemeyer.org\/srbija\/devotional\/citaj-boziju-rec-za-sebe-2\/#primaryimage","url":"https:\/\/tv.joycemeyer.org\/srbija\/wp-content\/uploads\/sites\/86\/2023\/02\/1845.jpg","contentUrl":"https:\/\/tv.joycemeyer.org\/srbija\/wp-content\/uploads\/sites\/86\/2023\/02\/1845.jpg","width":960,"height":560,"caption":"\u010citaj Bo\u017eiju Re\u010d za sebe"},{"@type":"BreadcrumbList","@id":"https:\/\/tv.joycemeyer.org\/srbija\/devotional\/citaj-boziju-rec-za-sebe-2\/#breadcrumb","itemListElement":[{"@type":"ListItem","position":1,"name":"Home","item":"https:\/\/tv.joycemeyer.org\/srbija\/"},{"@type":"ListItem","position":2,"name":"Devotional","item":"https:\/\/tv.joycemeyer.org\/srbija\/devotional\/"},{"@type":"ListItem","position":3,"name":"\u010citaj Bo\u017eiju Re\u010d za sebe"}]},{"@type":"WebSite","@id":"https:\/\/tv.joycemeyer.org\/srbija\/#website","url":"https:\/\/tv.joycemeyer.org\/srbija\/","name":"Joyce Meyer Ministries - Srbija","description":"Deliti Hrista - voleti ljude","potentialAction":[{"@type":"SearchAction","target":{"@type":"EntryPoint","urlTemplate":"https:\/\/tv.joycemeyer.org\/srbija\/?s={search_term_string}"},"query-input":{"@type":"PropertyValueSpecification","valueRequired":true,"valueName":"search_term_string"}}],"inLanguage":"en-US"}]}},"_links":{"self":[{"href":"https:\/\/tv.joycemeyer.org\/srbija\/wp-json\/wp\/v2\/devotional\/2521","targetHints":{"allow":["GET"]}}],"collection":[{"href":"https:\/\/tv.joycemeyer.org\/srbija\/wp-json\/wp\/v2\/devotional"}],"about":[{"href":"https:\/\/tv.joycemeyer.org\/srbija\/wp-json\/wp\/v2\/types\/devotional"}],"author":[{"embeddable":true,"href":"https:\/\/tv.joycemeyer.org\/srbija\/wp-json\/wp\/v2\/users\/20"}],"replies":[{"embeddable":true,"href":"https:\/\/tv.joycemeyer.org\/srbija\/wp-json\/wp\/v2\/comments?post=2521"}],"wp:featuredmedia":[{"embeddable":true,"href":"https:\/\/tv.joycemeyer.org\/srbija\/wp-json\/wp\/v2\/media\/2522"}],"wp:attachment":[{"href":"https:\/\/tv.joycemeyer.org\/srbija\/wp-json\/wp\/v2\/media?parent=2521"}],"curies":[{"name":"wp","href":"https:\/\/api.w.org\/{rel}","templated":true}]}}