{"id":317,"date":"2022-11-02T00:01:20","date_gmt":"2022-11-02T00:01:20","guid":{"rendered":"https:\/\/tv.joycemeyer.org\/srbija\/?post_type=devotional&#038;p=317"},"modified":"2022-11-02T11:43:56","modified_gmt":"2022-11-02T11:43:56","slug":"ozivi-svoje-snove","status":"publish","type":"devotional","link":"https:\/\/tv.joycemeyer.org\/srbija\/devotional\/ozivi-svoje-snove\/","title":{"rendered":"O\u017eivi svoje snove"},"content":{"rendered":"<blockquote><p><sup>\u2018\u2019<\/sup>Bez objave razuzdava se narod; a blagoslovljen je onaj, koji dr\u017ei zakon.\u2019\u2019 \u2014Izreke 29:18<\/p><\/blockquote>\n<p>Koji san je Bog stavio u tvoje srce?<\/p>\n<p>Ne pitam te da li taj san postoji \u2013 unapred znam da je tamo, u tvom srcu, jer Bog svima nama daje snove.<\/p>\n<p>Ljudi se na razli\u010dite na\u010dine ophode prema svojim snovima. Neki ljudi ih zakopaju duboko u svoje srce kako bi se za\u0161titili od kritika drugih ljudi. Drugi ih izbace iz sopstvenog vidokruga kako vi\u0161e ne bi morali da razmi\u0161ljaju o njima. Tre\u0107i jednostavno odustanu od svojih snova jer je previ\u0161e bolno \u010dekati na njih.<\/p>\n<p>Ako je tvojim snovima potrebno da budu o\u017eivljeni, postoje dve stvari koje \u017eelim da zapamti\u0161. Prvo, mora\u0161 imati viziju koja je jasna. I drugo, mora\u0161 stalno imati na umu svoju viziju.<\/p>\n<p>Ako ima\u0161 viziju to ne zna\u010di da \u0107e se ona odmah ostvariti. Bog je podjednako zainteresovan za celokupan proces isto koliko i za krajnji rezultat.<\/p>\n<p>U poslanici Filipljanima (4:11-13) apostol Pavle govori da je nau\u010dio da bude smiren i zadovoljan bez obriza na okolnosti u kojima se nalazi. Drugim re\u010dima, nikada nije dopu\u0161tao sebi da se uznemiri trenutnim okolnostima\u2026uvek se radovao budu\u0107nosti i onome gde je mogao biti.<\/p>\n<p>To zna\u010di da i ti, kao apostol Pavle, treba da prona\u0111e\u0161 ravnote\u017eu izme\u0111u predanosti i ambicije. A ovo je klju\u010d: Nau\u010di da u\u017eiva\u0161 \u200b\u200btamo gde se nalazi\u0161, na putu do mesta na koje ide\u0161.<\/p>\n<p>Kada ima\u0161 san ili ambiciju, treba da ih dr\u017ei\u0161 ispred sebe. Ako \u0107e ti pomo\u0107i, zapi\u0161i. I zapamti, Bog \u0107e ti pomo\u0107i da \u017eivi\u0161 san koji je stavio u tvoje srce, korak po korak i u pravo vreme.<\/p>\n<hr \/>\n<h4><strong>Po\u010detak molitve<\/strong><\/h4>\n<p>Isuse, iako nije uvek lako i \u010dini se da \u017eivot poku\u0161ava da me natera da odustanem, verujem da ima\u0161 divan plan za moj \u017eivot. Biram da verujem da \u0107e\u0161 mi pomo\u0107i da \u017eivim san koji si mi dao \u2013 vi\u0161e nego \u0161to \u0107u se obazirati na svoje okolnosti.<\/p>\n","protected":false},"excerpt":{"rendered":"<p>Koji san je Bog stavio u tvoje srce?<\/p>\n","protected":false},"author":15,"featured_media":2294,"parent":0,"menu_order":0,"comment_status":"closed","ping_status":"closed","template":"","class_list":["post-317","devotional","type-devotional","status-publish","has-post-thumbnail","hentry"],"acf":[],"appp":{"post_detail":{"above_title":"<div class=\"post-featured-wrap\"><img width=\"960\" height=\"560\" src=\"https:\/\/tv.joycemeyer.org\/srbija\/wp-content\/uploads\/sites\/86\/2019\/04\/1810.jpg\" class=\"post-featured wp-post-image\" alt=\"O\u017eivi svoje snove\" decoding=\"async\" srcset=\"https:\/\/tv.joycemeyer.org\/srbija\/wp-content\/uploads\/sites\/86\/2019\/04\/1810.jpg 960w, https:\/\/tv.joycemeyer.org\/srbija\/wp-content\/uploads\/sites\/86\/2019\/04\/1810-300x175.jpg 300w, https:\/\/tv.joycemeyer.org\/srbija\/wp-content\/uploads\/sites\/86\/2019\/04\/1810-768x448.jpg 768w\" sizes=\"(max-width: 960px) 100vw, 960px\" \/><\/div>","below_content":""}},"yoast_head":"<!-- This site is optimized with the Yoast SEO plugin v27.4 - https:\/\/yoast.com\/product\/yoast-seo-wordpress\/ -->\n<title>O\u017eivi svoje snove - Joyce Meyer Ministries - Srbija<\/title>\n<meta name=\"robots\" content=\"index, follow, max-snippet:-1, max-image-preview:large, max-video-preview:-1\" \/>\n<link rel=\"canonical\" href=\"https:\/\/tv.joycemeyer.org\/srbija\/devotional\/ozivi-svoje-snove\/\" \/>\n<meta property=\"og:locale\" content=\"en_US\" \/>\n<meta property=\"og:type\" content=\"article\" \/>\n<meta property=\"og:title\" content=\"O\u017eivi svoje snove - Joyce Meyer Ministries - Srbija\" \/>\n<meta property=\"og:description\" content=\"Koji san je Bog stavio u tvoje srce?\" \/>\n<meta property=\"og:url\" content=\"https:\/\/tv.joycemeyer.org\/srbija\/devotional\/ozivi-svoje-snove\/\" \/>\n<meta property=\"og:site_name\" content=\"Joyce Meyer Ministries - Srbija\" \/>\n<meta property=\"article:modified_time\" content=\"2022-11-02T11:43:56+00:00\" \/>\n<meta property=\"og:image\" content=\"https:\/\/tv.joycemeyer.org\/srbija\/wp-content\/uploads\/sites\/86\/2019\/04\/1810.jpg\" \/>\n\t<meta property=\"og:image:width\" content=\"960\" \/>\n\t<meta property=\"og:image:height\" content=\"560\" \/>\n\t<meta property=\"og:image:type\" content=\"image\/jpeg\" \/>\n<meta name=\"twitter:card\" content=\"summary_large_image\" \/>\n<meta name=\"twitter:label1\" content=\"Est. reading time\" \/>\n\t<meta name=\"twitter:data1\" content=\"2 minutes\" \/>\n<script type=\"application\/ld+json\" class=\"yoast-schema-graph\">{\"@context\":\"https:\\\/\\\/schema.org\",\"@graph\":[{\"@type\":\"WebPage\",\"@id\":\"https:\\\/\\\/tv.joycemeyer.org\\\/srbija\\\/devotional\\\/ozivi-svoje-snove\\\/\",\"url\":\"https:\\\/\\\/tv.joycemeyer.org\\\/srbija\\\/devotional\\\/ozivi-svoje-snove\\\/\",\"name\":\"O\u017eivi svoje snove - Joyce Meyer Ministries - Srbija\",\"isPartOf\":{\"@id\":\"https:\\\/\\\/tv.joycemeyer.org\\\/srbija\\\/#website\"},\"primaryImageOfPage\":{\"@id\":\"https:\\\/\\\/tv.joycemeyer.org\\\/srbija\\\/devotional\\\/ozivi-svoje-snove\\\/#primaryimage\"},\"image\":{\"@id\":\"https:\\\/\\\/tv.joycemeyer.org\\\/srbija\\\/devotional\\\/ozivi-svoje-snove\\\/#primaryimage\"},\"thumbnailUrl\":\"https:\\\/\\\/tv.joycemeyer.org\\\/srbija\\\/wp-content\\\/uploads\\\/sites\\\/86\\\/2019\\\/04\\\/1810.jpg\",\"datePublished\":\"2022-11-02T00:01:20+00:00\",\"dateModified\":\"2022-11-02T11:43:56+00:00\",\"breadcrumb\":{\"@id\":\"https:\\\/\\\/tv.joycemeyer.org\\\/srbija\\\/devotional\\\/ozivi-svoje-snove\\\/#breadcrumb\"},\"inLanguage\":\"en-US\",\"potentialAction\":[{\"@type\":\"ReadAction\",\"target\":[\"https:\\\/\\\/tv.joycemeyer.org\\\/srbija\\\/devotional\\\/ozivi-svoje-snove\\\/\"]}]},{\"@type\":\"ImageObject\",\"inLanguage\":\"en-US\",\"@id\":\"https:\\\/\\\/tv.joycemeyer.org\\\/srbija\\\/devotional\\\/ozivi-svoje-snove\\\/#primaryimage\",\"url\":\"https:\\\/\\\/tv.joycemeyer.org\\\/srbija\\\/wp-content\\\/uploads\\\/sites\\\/86\\\/2019\\\/04\\\/1810.jpg\",\"contentUrl\":\"https:\\\/\\\/tv.joycemeyer.org\\\/srbija\\\/wp-content\\\/uploads\\\/sites\\\/86\\\/2019\\\/04\\\/1810.jpg\",\"width\":960,\"height\":560,\"caption\":\"O\u017eivi svoje snove\"},{\"@type\":\"BreadcrumbList\",\"@id\":\"https:\\\/\\\/tv.joycemeyer.org\\\/srbija\\\/devotional\\\/ozivi-svoje-snove\\\/#breadcrumb\",\"itemListElement\":[{\"@type\":\"ListItem\",\"position\":1,\"name\":\"Home\",\"item\":\"https:\\\/\\\/tv.joycemeyer.org\\\/srbija\\\/\"},{\"@type\":\"ListItem\",\"position\":2,\"name\":\"Devotional\",\"item\":\"https:\\\/\\\/tv.joycemeyer.org\\\/srbija\\\/devotional\\\/\"},{\"@type\":\"ListItem\",\"position\":3,\"name\":\"O\u017eivi svoje snove\"}]},{\"@type\":\"WebSite\",\"@id\":\"https:\\\/\\\/tv.joycemeyer.org\\\/srbija\\\/#website\",\"url\":\"https:\\\/\\\/tv.joycemeyer.org\\\/srbija\\\/\",\"name\":\"Joyce Meyer Ministries - Srbija\",\"description\":\"Deliti Hrista - voleti ljude\",\"potentialAction\":[{\"@type\":\"SearchAction\",\"target\":{\"@type\":\"EntryPoint\",\"urlTemplate\":\"https:\\\/\\\/tv.joycemeyer.org\\\/srbija\\\/?s={search_term_string}\"},\"query-input\":{\"@type\":\"PropertyValueSpecification\",\"valueRequired\":true,\"valueName\":\"search_term_string\"}}],\"inLanguage\":\"en-US\"}]}<\/script>\n<!-- \/ Yoast SEO plugin. -->","yoast_head_json":{"title":"O\u017eivi svoje snove - Joyce Meyer Ministries - Srbija","robots":{"index":"index","follow":"follow","max-snippet":"max-snippet:-1","max-image-preview":"max-image-preview:large","max-video-preview":"max-video-preview:-1"},"canonical":"https:\/\/tv.joycemeyer.org\/srbija\/devotional\/ozivi-svoje-snove\/","og_locale":"en_US","og_type":"article","og_title":"O\u017eivi svoje snove - Joyce Meyer Ministries - Srbija","og_description":"Koji san je Bog stavio u tvoje srce?","og_url":"https:\/\/tv.joycemeyer.org\/srbija\/devotional\/ozivi-svoje-snove\/","og_site_name":"Joyce Meyer Ministries - Srbija","article_modified_time":"2022-11-02T11:43:56+00:00","og_image":[{"width":960,"height":560,"url":"https:\/\/tv.joycemeyer.org\/srbija\/wp-content\/uploads\/sites\/86\/2019\/04\/1810.jpg","type":"image\/jpeg"}],"twitter_card":"summary_large_image","twitter_misc":{"Est. reading time":"2 minutes"},"schema":{"@context":"https:\/\/schema.org","@graph":[{"@type":"WebPage","@id":"https:\/\/tv.joycemeyer.org\/srbija\/devotional\/ozivi-svoje-snove\/","url":"https:\/\/tv.joycemeyer.org\/srbija\/devotional\/ozivi-svoje-snove\/","name":"O\u017eivi svoje snove - Joyce Meyer Ministries - Srbija","isPartOf":{"@id":"https:\/\/tv.joycemeyer.org\/srbija\/#website"},"primaryImageOfPage":{"@id":"https:\/\/tv.joycemeyer.org\/srbija\/devotional\/ozivi-svoje-snove\/#primaryimage"},"image":{"@id":"https:\/\/tv.joycemeyer.org\/srbija\/devotional\/ozivi-svoje-snove\/#primaryimage"},"thumbnailUrl":"https:\/\/tv.joycemeyer.org\/srbija\/wp-content\/uploads\/sites\/86\/2019\/04\/1810.jpg","datePublished":"2022-11-02T00:01:20+00:00","dateModified":"2022-11-02T11:43:56+00:00","breadcrumb":{"@id":"https:\/\/tv.joycemeyer.org\/srbija\/devotional\/ozivi-svoje-snove\/#breadcrumb"},"inLanguage":"en-US","potentialAction":[{"@type":"ReadAction","target":["https:\/\/tv.joycemeyer.org\/srbija\/devotional\/ozivi-svoje-snove\/"]}]},{"@type":"ImageObject","inLanguage":"en-US","@id":"https:\/\/tv.joycemeyer.org\/srbija\/devotional\/ozivi-svoje-snove\/#primaryimage","url":"https:\/\/tv.joycemeyer.org\/srbija\/wp-content\/uploads\/sites\/86\/2019\/04\/1810.jpg","contentUrl":"https:\/\/tv.joycemeyer.org\/srbija\/wp-content\/uploads\/sites\/86\/2019\/04\/1810.jpg","width":960,"height":560,"caption":"O\u017eivi svoje snove"},{"@type":"BreadcrumbList","@id":"https:\/\/tv.joycemeyer.org\/srbija\/devotional\/ozivi-svoje-snove\/#breadcrumb","itemListElement":[{"@type":"ListItem","position":1,"name":"Home","item":"https:\/\/tv.joycemeyer.org\/srbija\/"},{"@type":"ListItem","position":2,"name":"Devotional","item":"https:\/\/tv.joycemeyer.org\/srbija\/devotional\/"},{"@type":"ListItem","position":3,"name":"O\u017eivi svoje snove"}]},{"@type":"WebSite","@id":"https:\/\/tv.joycemeyer.org\/srbija\/#website","url":"https:\/\/tv.joycemeyer.org\/srbija\/","name":"Joyce Meyer Ministries - Srbija","description":"Deliti Hrista - voleti ljude","potentialAction":[{"@type":"SearchAction","target":{"@type":"EntryPoint","urlTemplate":"https:\/\/tv.joycemeyer.org\/srbija\/?s={search_term_string}"},"query-input":{"@type":"PropertyValueSpecification","valueRequired":true,"valueName":"search_term_string"}}],"inLanguage":"en-US"}]}},"_links":{"self":[{"href":"https:\/\/tv.joycemeyer.org\/srbija\/wp-json\/wp\/v2\/devotional\/317","targetHints":{"allow":["GET"]}}],"collection":[{"href":"https:\/\/tv.joycemeyer.org\/srbija\/wp-json\/wp\/v2\/devotional"}],"about":[{"href":"https:\/\/tv.joycemeyer.org\/srbija\/wp-json\/wp\/v2\/types\/devotional"}],"author":[{"embeddable":true,"href":"https:\/\/tv.joycemeyer.org\/srbija\/wp-json\/wp\/v2\/users\/15"}],"replies":[{"embeddable":true,"href":"https:\/\/tv.joycemeyer.org\/srbija\/wp-json\/wp\/v2\/comments?post=317"}],"wp:featuredmedia":[{"embeddable":true,"href":"https:\/\/tv.joycemeyer.org\/srbija\/wp-json\/wp\/v2\/media\/2294"}],"wp:attachment":[{"href":"https:\/\/tv.joycemeyer.org\/srbija\/wp-json\/wp\/v2\/media?parent=317"}],"curies":[{"name":"wp","href":"https:\/\/api.w.org\/{rel}","templated":true}]}}