{"id":599,"date":"2019-07-17T00:01:16","date_gmt":"2019-07-17T00:01:16","guid":{"rendered":"https:\/\/tv.joycemeyer.org\/srbija\/?post_type=devotional&#038;p=599"},"modified":"2019-07-17T17:43:50","modified_gmt":"2019-07-17T17:43:50","slug":"pricajuca-mreza","status":"publish","type":"devotional","link":"https:\/\/tv.joycemeyer.org\/srbija\/devotional\/pricajuca-mreza\/","title":{"rendered":"\u2019\u2019Pri\u010daju\u0107a mre\u017ea\u2019\u2019"},"content":{"rendered":"<p><strong>\u2019\u2019Gde je mnogo re\u010di, tu nije bez greha, a ko zauzdava jezik, mudar je.\u2019\u2019 Pri\u010de Solomunove 10:19<\/strong><\/p>\n<p>Svi treba da nau\u010dimo kako da uspostavimo i odr\u017eavamo granice u svom govoru i re\u010dima. Pri\u010de 10:19 ka\u017eu <em>Gde je mnogo re\u010di, tu nije bez greha, a ko zauzdava jezik, mudar je. <\/em>Drugim re\u010dim, ljudi koji mnogo pri\u010daju \u0107e se \u010desto na\u0107i u nevolji.<\/p>\n<p>Zato \u0161to re\u010di imaju silu, treba da nau\u010dimo da ka\u017eemo samo ono \u0161to treba da bude re\u010deno. Volim to da nazovem \u2019\u2019pri\u010daju\u0107a mre\u017ea\u2019\u2019. Kada nas ispla\u0107uju, ve\u0107ina nas dobija neto platu \u2013 sve \u0161to treba da se ukloni, ve\u0107 je uklonjeno.<\/p>\n<p>Isti princip mo\u017eemo primeniti na na\u0161 govor.<\/p>\n<p>Treba da izbaci\u0161 odre\u0111ene re\u010di iz upotrebe pre nego \u0161to iza\u0111u iz tvojih usta. To su negativne izjave, ogovaranje, neiskreno laskanje, sarkazam, neslane \u0161ale, vulgarnost.<\/p>\n<p>Umesto toga, odlu\u010di da govori\u0161 dobro o drugima, fokusiraj se na dobre stvari u njima. Ljudi \u0107e biti zahvalni i ohrabreni, a ti se ne\u0107e\u0161 na\u0107i u nevolji!<\/p>\n<p><strong>Po\u010detak molitve:<\/strong><\/p>\n<p><em>Gospode, \u017eelim da se dr\u017eim dalje od nevolja. Osna\u017ei me i ohrabri dok \u017eivim u okviru Tvojih granica sa svojim re\u010dima.<\/em><\/p>\n","protected":false},"excerpt":{"rendered":"<p>Svi treba da nau\u010dimo kako da uspostavimo i odr\u017eavamo granice u svom govoru i re\u010dima &#8230;<\/p>\n","protected":false},"author":15,"featured_media":600,"parent":0,"menu_order":0,"comment_status":"closed","ping_status":"closed","template":"","class_list":["post-599","devotional","type-devotional","status-publish","has-post-thumbnail","hentry"],"acf":[],"appp":{"post_detail":{"above_title":"<div class=\"post-featured-wrap\"><img width=\"960\" height=\"694\" src=\"https:\/\/tv.joycemeyer.org\/srbija\/wp-content\/uploads\/sites\/86\/2019\/07\/634.jpg\" class=\"post-featured wp-post-image\" alt=\"\u2019\u2019Pri\u010daju\u0107a mre\u017ea\u2019\u2019\" decoding=\"async\" srcset=\"https:\/\/tv.joycemeyer.org\/srbija\/wp-content\/uploads\/sites\/86\/2019\/07\/634.jpg 960w, https:\/\/tv.joycemeyer.org\/srbija\/wp-content\/uploads\/sites\/86\/2019\/07\/634-300x217.jpg 300w, https:\/\/tv.joycemeyer.org\/srbija\/wp-content\/uploads\/sites\/86\/2019\/07\/634-768x555.jpg 768w\" sizes=\"(max-width: 960px) 100vw, 960px\" \/><\/div>","below_content":""}},"yoast_head":"<!-- This site is optimized with the Yoast SEO plugin v27.4 - https:\/\/yoast.com\/product\/yoast-seo-wordpress\/ -->\n<title>\u2019\u2019Pri\u010daju\u0107a mre\u017ea\u2019\u2019 - Joyce Meyer Ministries - Srbija<\/title>\n<meta name=\"robots\" content=\"index, follow, max-snippet:-1, max-image-preview:large, max-video-preview:-1\" \/>\n<link rel=\"canonical\" href=\"https:\/\/tv.joycemeyer.org\/srbija\/devotional\/pricajuca-mreza\/\" \/>\n<meta property=\"og:locale\" content=\"en_US\" \/>\n<meta property=\"og:type\" content=\"article\" \/>\n<meta property=\"og:title\" content=\"\u2019\u2019Pri\u010daju\u0107a mre\u017ea\u2019\u2019 - Joyce Meyer Ministries - Srbija\" \/>\n<meta property=\"og:description\" content=\"Svi treba da nau\u010dimo kako da uspostavimo i odr\u017eavamo granice u svom govoru i re\u010dima ...\" \/>\n<meta property=\"og:url\" content=\"https:\/\/tv.joycemeyer.org\/srbija\/devotional\/pricajuca-mreza\/\" \/>\n<meta property=\"og:site_name\" content=\"Joyce Meyer Ministries - Srbija\" \/>\n<meta property=\"article:modified_time\" content=\"2019-07-17T17:43:50+00:00\" \/>\n<meta property=\"og:image\" content=\"https:\/\/tv.joycemeyer.org\/srbija\/wp-content\/uploads\/sites\/86\/2019\/07\/634.jpg\" \/>\n\t<meta property=\"og:image:width\" content=\"960\" \/>\n\t<meta property=\"og:image:height\" content=\"694\" \/>\n\t<meta property=\"og:image:type\" content=\"image\/jpeg\" \/>\n<meta name=\"twitter:card\" content=\"summary_large_image\" \/>\n<meta name=\"twitter:label1\" content=\"Est. reading time\" \/>\n\t<meta name=\"twitter:data1\" content=\"1 minute\" \/>\n<script type=\"application\/ld+json\" class=\"yoast-schema-graph\">{\"@context\":\"https:\\\/\\\/schema.org\",\"@graph\":[{\"@type\":\"WebPage\",\"@id\":\"https:\\\/\\\/tv.joycemeyer.org\\\/srbija\\\/devotional\\\/pricajuca-mreza\\\/\",\"url\":\"https:\\\/\\\/tv.joycemeyer.org\\\/srbija\\\/devotional\\\/pricajuca-mreza\\\/\",\"name\":\"\u2019\u2019Pri\u010daju\u0107a mre\u017ea\u2019\u2019 - Joyce Meyer Ministries - Srbija\",\"isPartOf\":{\"@id\":\"https:\\\/\\\/tv.joycemeyer.org\\\/srbija\\\/#website\"},\"primaryImageOfPage\":{\"@id\":\"https:\\\/\\\/tv.joycemeyer.org\\\/srbija\\\/devotional\\\/pricajuca-mreza\\\/#primaryimage\"},\"image\":{\"@id\":\"https:\\\/\\\/tv.joycemeyer.org\\\/srbija\\\/devotional\\\/pricajuca-mreza\\\/#primaryimage\"},\"thumbnailUrl\":\"https:\\\/\\\/tv.joycemeyer.org\\\/srbija\\\/wp-content\\\/uploads\\\/sites\\\/86\\\/2019\\\/07\\\/634.jpg\",\"datePublished\":\"2019-07-17T00:01:16+00:00\",\"dateModified\":\"2019-07-17T17:43:50+00:00\",\"breadcrumb\":{\"@id\":\"https:\\\/\\\/tv.joycemeyer.org\\\/srbija\\\/devotional\\\/pricajuca-mreza\\\/#breadcrumb\"},\"inLanguage\":\"en-US\",\"potentialAction\":[{\"@type\":\"ReadAction\",\"target\":[\"https:\\\/\\\/tv.joycemeyer.org\\\/srbija\\\/devotional\\\/pricajuca-mreza\\\/\"]}]},{\"@type\":\"ImageObject\",\"inLanguage\":\"en-US\",\"@id\":\"https:\\\/\\\/tv.joycemeyer.org\\\/srbija\\\/devotional\\\/pricajuca-mreza\\\/#primaryimage\",\"url\":\"https:\\\/\\\/tv.joycemeyer.org\\\/srbija\\\/wp-content\\\/uploads\\\/sites\\\/86\\\/2019\\\/07\\\/634.jpg\",\"contentUrl\":\"https:\\\/\\\/tv.joycemeyer.org\\\/srbija\\\/wp-content\\\/uploads\\\/sites\\\/86\\\/2019\\\/07\\\/634.jpg\",\"width\":960,\"height\":694,\"caption\":\"\u2019\u2019Pri\u010daju\u0107a mre\u017ea\u2019\u2019\"},{\"@type\":\"BreadcrumbList\",\"@id\":\"https:\\\/\\\/tv.joycemeyer.org\\\/srbija\\\/devotional\\\/pricajuca-mreza\\\/#breadcrumb\",\"itemListElement\":[{\"@type\":\"ListItem\",\"position\":1,\"name\":\"Home\",\"item\":\"https:\\\/\\\/tv.joycemeyer.org\\\/srbija\\\/\"},{\"@type\":\"ListItem\",\"position\":2,\"name\":\"Devotional\",\"item\":\"https:\\\/\\\/tv.joycemeyer.org\\\/srbija\\\/devotional\\\/\"},{\"@type\":\"ListItem\",\"position\":3,\"name\":\"\u2019\u2019Pri\u010daju\u0107a mre\u017ea\u2019\u2019\"}]},{\"@type\":\"WebSite\",\"@id\":\"https:\\\/\\\/tv.joycemeyer.org\\\/srbija\\\/#website\",\"url\":\"https:\\\/\\\/tv.joycemeyer.org\\\/srbija\\\/\",\"name\":\"Joyce Meyer Ministries - Srbija\",\"description\":\"Deliti Hrista - voleti ljude\",\"potentialAction\":[{\"@type\":\"SearchAction\",\"target\":{\"@type\":\"EntryPoint\",\"urlTemplate\":\"https:\\\/\\\/tv.joycemeyer.org\\\/srbija\\\/?s={search_term_string}\"},\"query-input\":{\"@type\":\"PropertyValueSpecification\",\"valueRequired\":true,\"valueName\":\"search_term_string\"}}],\"inLanguage\":\"en-US\"}]}<\/script>\n<!-- \/ Yoast SEO plugin. -->","yoast_head_json":{"title":"\u2019\u2019Pri\u010daju\u0107a mre\u017ea\u2019\u2019 - Joyce Meyer Ministries - Srbija","robots":{"index":"index","follow":"follow","max-snippet":"max-snippet:-1","max-image-preview":"max-image-preview:large","max-video-preview":"max-video-preview:-1"},"canonical":"https:\/\/tv.joycemeyer.org\/srbija\/devotional\/pricajuca-mreza\/","og_locale":"en_US","og_type":"article","og_title":"\u2019\u2019Pri\u010daju\u0107a mre\u017ea\u2019\u2019 - Joyce Meyer Ministries - Srbija","og_description":"Svi treba da nau\u010dimo kako da uspostavimo i odr\u017eavamo granice u svom govoru i re\u010dima ...","og_url":"https:\/\/tv.joycemeyer.org\/srbija\/devotional\/pricajuca-mreza\/","og_site_name":"Joyce Meyer Ministries - Srbija","article_modified_time":"2019-07-17T17:43:50+00:00","og_image":[{"width":960,"height":694,"url":"https:\/\/tv.joycemeyer.org\/srbija\/wp-content\/uploads\/sites\/86\/2019\/07\/634.jpg","type":"image\/jpeg"}],"twitter_card":"summary_large_image","twitter_misc":{"Est. reading time":"1 minute"},"schema":{"@context":"https:\/\/schema.org","@graph":[{"@type":"WebPage","@id":"https:\/\/tv.joycemeyer.org\/srbija\/devotional\/pricajuca-mreza\/","url":"https:\/\/tv.joycemeyer.org\/srbija\/devotional\/pricajuca-mreza\/","name":"\u2019\u2019Pri\u010daju\u0107a mre\u017ea\u2019\u2019 - Joyce Meyer Ministries - Srbija","isPartOf":{"@id":"https:\/\/tv.joycemeyer.org\/srbija\/#website"},"primaryImageOfPage":{"@id":"https:\/\/tv.joycemeyer.org\/srbija\/devotional\/pricajuca-mreza\/#primaryimage"},"image":{"@id":"https:\/\/tv.joycemeyer.org\/srbija\/devotional\/pricajuca-mreza\/#primaryimage"},"thumbnailUrl":"https:\/\/tv.joycemeyer.org\/srbija\/wp-content\/uploads\/sites\/86\/2019\/07\/634.jpg","datePublished":"2019-07-17T00:01:16+00:00","dateModified":"2019-07-17T17:43:50+00:00","breadcrumb":{"@id":"https:\/\/tv.joycemeyer.org\/srbija\/devotional\/pricajuca-mreza\/#breadcrumb"},"inLanguage":"en-US","potentialAction":[{"@type":"ReadAction","target":["https:\/\/tv.joycemeyer.org\/srbija\/devotional\/pricajuca-mreza\/"]}]},{"@type":"ImageObject","inLanguage":"en-US","@id":"https:\/\/tv.joycemeyer.org\/srbija\/devotional\/pricajuca-mreza\/#primaryimage","url":"https:\/\/tv.joycemeyer.org\/srbija\/wp-content\/uploads\/sites\/86\/2019\/07\/634.jpg","contentUrl":"https:\/\/tv.joycemeyer.org\/srbija\/wp-content\/uploads\/sites\/86\/2019\/07\/634.jpg","width":960,"height":694,"caption":"\u2019\u2019Pri\u010daju\u0107a mre\u017ea\u2019\u2019"},{"@type":"BreadcrumbList","@id":"https:\/\/tv.joycemeyer.org\/srbija\/devotional\/pricajuca-mreza\/#breadcrumb","itemListElement":[{"@type":"ListItem","position":1,"name":"Home","item":"https:\/\/tv.joycemeyer.org\/srbija\/"},{"@type":"ListItem","position":2,"name":"Devotional","item":"https:\/\/tv.joycemeyer.org\/srbija\/devotional\/"},{"@type":"ListItem","position":3,"name":"\u2019\u2019Pri\u010daju\u0107a mre\u017ea\u2019\u2019"}]},{"@type":"WebSite","@id":"https:\/\/tv.joycemeyer.org\/srbija\/#website","url":"https:\/\/tv.joycemeyer.org\/srbija\/","name":"Joyce Meyer Ministries - Srbija","description":"Deliti Hrista - voleti ljude","potentialAction":[{"@type":"SearchAction","target":{"@type":"EntryPoint","urlTemplate":"https:\/\/tv.joycemeyer.org\/srbija\/?s={search_term_string}"},"query-input":{"@type":"PropertyValueSpecification","valueRequired":true,"valueName":"search_term_string"}}],"inLanguage":"en-US"}]}},"_links":{"self":[{"href":"https:\/\/tv.joycemeyer.org\/srbija\/wp-json\/wp\/v2\/devotional\/599","targetHints":{"allow":["GET"]}}],"collection":[{"href":"https:\/\/tv.joycemeyer.org\/srbija\/wp-json\/wp\/v2\/devotional"}],"about":[{"href":"https:\/\/tv.joycemeyer.org\/srbija\/wp-json\/wp\/v2\/types\/devotional"}],"author":[{"embeddable":true,"href":"https:\/\/tv.joycemeyer.org\/srbija\/wp-json\/wp\/v2\/users\/15"}],"replies":[{"embeddable":true,"href":"https:\/\/tv.joycemeyer.org\/srbija\/wp-json\/wp\/v2\/comments?post=599"}],"wp:featuredmedia":[{"embeddable":true,"href":"https:\/\/tv.joycemeyer.org\/srbija\/wp-json\/wp\/v2\/media\/600"}],"wp:attachment":[{"href":"https:\/\/tv.joycemeyer.org\/srbija\/wp-json\/wp\/v2\/media?parent=599"}],"curies":[{"name":"wp","href":"https:\/\/api.w.org\/{rel}","templated":true}]}}