{"id":720,"date":"2025-06-10T00:01:52","date_gmt":"2025-06-10T00:01:52","guid":{"rendered":"https:\/\/tv.joycemeyer.org\/srbija\/?post_type=devotional&#038;p=720"},"modified":"2025-07-07T19:54:29","modified_gmt":"2025-07-07T19:54:29","slug":"sta-je-vera","status":"publish","type":"devotional","link":"https:\/\/tv.joycemeyer.org\/srbija\/devotional\/sta-je-vera\/","title":{"rendered":"\u0160ta je vera?"},"content":{"rendered":"<p><strong>\u2018\u2019Pogledaj nadmenoga \u2013 nema u njemu \u010destitosti. Ali pravednik \u0107e \u017eiveti od vere.\u2019\u2019 Avakum 2:4<\/strong><\/p>\n<p>Vera je re\u010d koju \u010desto koristimo, a ponekad se de\u0161ava da je veoma zakomplikujemo. Vera jednostavno zna\u010di \u2018\u2019apsolutno poverenje\u2019\u2019; tako\u0111e podrazumeva odanost i posve\u0107enost.<\/p>\n<p>Vera nije ogroman, komplikovan koncept koji moramo da nagla\u0161avamo. Istinska vera u Boga jednostavno priznaje da je poruka Isusove smrti i vaskrsenja potpuno ta\u010dna. Ogleda se u tome kada ka\u017eemo:\u2019\u2019Ne samo da ovo ima smisla za mene, ve\u0107 sam spreman i da svoj \u017eivot ulo\u017eim u to.\u2019\u2019<\/p>\n<p>Biblija govori da \u0107e beskompromisni pravednici \u017eiveti od vere. Jedan od na\u010dina na koji mo\u017eemo objasniti beskompromisno pravedno je ako pomislimo na one koji su u\u010dinjeni pravednim smr\u0107u Isusa Hrista na krstu.<\/p>\n<p>Kroz veru smo u\u010dinjeni pravednim, a Bog se pona\u0161a prema nama kao prema svojoj voljenoj deci.<\/p>\n<p>Danas \u017eelim da te ohrabrim da se vrati\u0161 na osnov vere. Kada stavi\u0161 svoju veru u Njega, posta\u0107e\u0161 pravedan. \u017divi od svoje vere u Boga koji ti se obra\u0107a ra\u0161irenih ruku punih ljubavi, spreman da te primi i voli onakvog kakav jesi.<\/p>\n<p><strong>Po\u010detak molitve:<\/strong><\/p>\n<p><em>Gospode, zahvalan sam jer mogu da stavim svoju veru u Tebe i postanem beskompromisno pravedan. Danas, \u017eivim po veri.<\/em><\/p>\n","protected":false},"excerpt":{"rendered":"<p>Vera je re\u010d koju \u010desto koristimo, a ponekad se de\u0161ava da je veoma zakomplikujemo &#8230;<\/p>\n","protected":false},"author":15,"featured_media":721,"parent":0,"menu_order":0,"comment_status":"closed","ping_status":"closed","template":"","class_list":["post-720","devotional","type-devotional","status-publish","has-post-thumbnail","hentry"],"acf":[],"appp":{"post_detail":{"above_title":"<div class=\"post-featured-wrap\"><img width=\"960\" height=\"540\" src=\"https:\/\/tv.joycemeyer.org\/srbija\/wp-content\/uploads\/sites\/86\/2019\/08\/1040.jpg\" class=\"post-featured wp-post-image\" alt=\"\u0160ta je vera?\" decoding=\"async\" srcset=\"https:\/\/tv.joycemeyer.org\/srbija\/wp-content\/uploads\/sites\/86\/2019\/08\/1040.jpg 960w, https:\/\/tv.joycemeyer.org\/srbija\/wp-content\/uploads\/sites\/86\/2019\/08\/1040-300x169.jpg 300w, https:\/\/tv.joycemeyer.org\/srbija\/wp-content\/uploads\/sites\/86\/2019\/08\/1040-768x432.jpg 768w, https:\/\/tv.joycemeyer.org\/srbija\/wp-content\/uploads\/sites\/86\/2019\/08\/1040-640x360.jpg 640w\" sizes=\"(max-width: 960px) 100vw, 960px\" \/><\/div>","below_content":""}},"yoast_head":"<!-- This site is optimized with the Yoast SEO plugin v27.4 - https:\/\/yoast.com\/product\/yoast-seo-wordpress\/ -->\n<title>\u0160ta je vera? - Joyce Meyer Ministries - Srbija<\/title>\n<meta name=\"robots\" content=\"index, follow, max-snippet:-1, max-image-preview:large, max-video-preview:-1\" \/>\n<link rel=\"canonical\" href=\"https:\/\/tv.joycemeyer.org\/srbija\/devotional\/sta-je-vera\/\" \/>\n<meta property=\"og:locale\" content=\"en_US\" \/>\n<meta property=\"og:type\" content=\"article\" \/>\n<meta property=\"og:title\" content=\"\u0160ta je vera? - Joyce Meyer Ministries - Srbija\" \/>\n<meta property=\"og:description\" content=\"Vera je re\u010d koju \u010desto koristimo, a ponekad se de\u0161ava da je veoma zakomplikujemo ...\" \/>\n<meta property=\"og:url\" content=\"https:\/\/tv.joycemeyer.org\/srbija\/devotional\/sta-je-vera\/\" \/>\n<meta property=\"og:site_name\" content=\"Joyce Meyer Ministries - Srbija\" \/>\n<meta property=\"article:modified_time\" content=\"2025-07-07T19:54:29+00:00\" \/>\n<meta property=\"og:image\" content=\"https:\/\/tv.joycemeyer.org\/srbija\/wp-content\/uploads\/sites\/86\/2019\/08\/1040.jpg\" \/>\n\t<meta property=\"og:image:width\" content=\"960\" \/>\n\t<meta property=\"og:image:height\" content=\"540\" \/>\n\t<meta property=\"og:image:type\" content=\"image\/jpeg\" \/>\n<meta name=\"twitter:card\" content=\"summary_large_image\" \/>\n<meta name=\"twitter:label1\" content=\"Est. reading time\" \/>\n\t<meta name=\"twitter:data1\" content=\"2 minutes\" \/>\n<script type=\"application\/ld+json\" class=\"yoast-schema-graph\">{\"@context\":\"https:\\\/\\\/schema.org\",\"@graph\":[{\"@type\":\"WebPage\",\"@id\":\"https:\\\/\\\/tv.joycemeyer.org\\\/srbija\\\/devotional\\\/sta-je-vera\\\/\",\"url\":\"https:\\\/\\\/tv.joycemeyer.org\\\/srbija\\\/devotional\\\/sta-je-vera\\\/\",\"name\":\"\u0160ta je vera? - Joyce Meyer Ministries - Srbija\",\"isPartOf\":{\"@id\":\"https:\\\/\\\/tv.joycemeyer.org\\\/srbija\\\/#website\"},\"primaryImageOfPage\":{\"@id\":\"https:\\\/\\\/tv.joycemeyer.org\\\/srbija\\\/devotional\\\/sta-je-vera\\\/#primaryimage\"},\"image\":{\"@id\":\"https:\\\/\\\/tv.joycemeyer.org\\\/srbija\\\/devotional\\\/sta-je-vera\\\/#primaryimage\"},\"thumbnailUrl\":\"https:\\\/\\\/tv.joycemeyer.org\\\/srbija\\\/wp-content\\\/uploads\\\/sites\\\/86\\\/2019\\\/08\\\/1040.jpg\",\"datePublished\":\"2025-06-10T00:01:52+00:00\",\"dateModified\":\"2025-07-07T19:54:29+00:00\",\"breadcrumb\":{\"@id\":\"https:\\\/\\\/tv.joycemeyer.org\\\/srbija\\\/devotional\\\/sta-je-vera\\\/#breadcrumb\"},\"inLanguage\":\"en-US\",\"potentialAction\":[{\"@type\":\"ReadAction\",\"target\":[\"https:\\\/\\\/tv.joycemeyer.org\\\/srbija\\\/devotional\\\/sta-je-vera\\\/\"]}]},{\"@type\":\"ImageObject\",\"inLanguage\":\"en-US\",\"@id\":\"https:\\\/\\\/tv.joycemeyer.org\\\/srbija\\\/devotional\\\/sta-je-vera\\\/#primaryimage\",\"url\":\"https:\\\/\\\/tv.joycemeyer.org\\\/srbija\\\/wp-content\\\/uploads\\\/sites\\\/86\\\/2019\\\/08\\\/1040.jpg\",\"contentUrl\":\"https:\\\/\\\/tv.joycemeyer.org\\\/srbija\\\/wp-content\\\/uploads\\\/sites\\\/86\\\/2019\\\/08\\\/1040.jpg\",\"width\":960,\"height\":540,\"caption\":\"\u0160ta je vera?\"},{\"@type\":\"BreadcrumbList\",\"@id\":\"https:\\\/\\\/tv.joycemeyer.org\\\/srbija\\\/devotional\\\/sta-je-vera\\\/#breadcrumb\",\"itemListElement\":[{\"@type\":\"ListItem\",\"position\":1,\"name\":\"Home\",\"item\":\"https:\\\/\\\/tv.joycemeyer.org\\\/srbija\\\/\"},{\"@type\":\"ListItem\",\"position\":2,\"name\":\"Devotional\",\"item\":\"https:\\\/\\\/tv.joycemeyer.org\\\/srbija\\\/devotional\\\/\"},{\"@type\":\"ListItem\",\"position\":3,\"name\":\"\u0160ta je vera?\"}]},{\"@type\":\"WebSite\",\"@id\":\"https:\\\/\\\/tv.joycemeyer.org\\\/srbija\\\/#website\",\"url\":\"https:\\\/\\\/tv.joycemeyer.org\\\/srbija\\\/\",\"name\":\"Joyce Meyer Ministries - Srbija\",\"description\":\"Deliti Hrista - voleti ljude\",\"potentialAction\":[{\"@type\":\"SearchAction\",\"target\":{\"@type\":\"EntryPoint\",\"urlTemplate\":\"https:\\\/\\\/tv.joycemeyer.org\\\/srbija\\\/?s={search_term_string}\"},\"query-input\":{\"@type\":\"PropertyValueSpecification\",\"valueRequired\":true,\"valueName\":\"search_term_string\"}}],\"inLanguage\":\"en-US\"}]}<\/script>\n<!-- \/ Yoast SEO plugin. -->","yoast_head_json":{"title":"\u0160ta je vera? - Joyce Meyer Ministries - Srbija","robots":{"index":"index","follow":"follow","max-snippet":"max-snippet:-1","max-image-preview":"max-image-preview:large","max-video-preview":"max-video-preview:-1"},"canonical":"https:\/\/tv.joycemeyer.org\/srbija\/devotional\/sta-je-vera\/","og_locale":"en_US","og_type":"article","og_title":"\u0160ta je vera? - Joyce Meyer Ministries - Srbija","og_description":"Vera je re\u010d koju \u010desto koristimo, a ponekad se de\u0161ava da je veoma zakomplikujemo ...","og_url":"https:\/\/tv.joycemeyer.org\/srbija\/devotional\/sta-je-vera\/","og_site_name":"Joyce Meyer Ministries - Srbija","article_modified_time":"2025-07-07T19:54:29+00:00","og_image":[{"width":960,"height":540,"url":"https:\/\/tv.joycemeyer.org\/srbija\/wp-content\/uploads\/sites\/86\/2019\/08\/1040.jpg","type":"image\/jpeg"}],"twitter_card":"summary_large_image","twitter_misc":{"Est. reading time":"2 minutes"},"schema":{"@context":"https:\/\/schema.org","@graph":[{"@type":"WebPage","@id":"https:\/\/tv.joycemeyer.org\/srbija\/devotional\/sta-je-vera\/","url":"https:\/\/tv.joycemeyer.org\/srbija\/devotional\/sta-je-vera\/","name":"\u0160ta je vera? - Joyce Meyer Ministries - Srbija","isPartOf":{"@id":"https:\/\/tv.joycemeyer.org\/srbija\/#website"},"primaryImageOfPage":{"@id":"https:\/\/tv.joycemeyer.org\/srbija\/devotional\/sta-je-vera\/#primaryimage"},"image":{"@id":"https:\/\/tv.joycemeyer.org\/srbija\/devotional\/sta-je-vera\/#primaryimage"},"thumbnailUrl":"https:\/\/tv.joycemeyer.org\/srbija\/wp-content\/uploads\/sites\/86\/2019\/08\/1040.jpg","datePublished":"2025-06-10T00:01:52+00:00","dateModified":"2025-07-07T19:54:29+00:00","breadcrumb":{"@id":"https:\/\/tv.joycemeyer.org\/srbija\/devotional\/sta-je-vera\/#breadcrumb"},"inLanguage":"en-US","potentialAction":[{"@type":"ReadAction","target":["https:\/\/tv.joycemeyer.org\/srbija\/devotional\/sta-je-vera\/"]}]},{"@type":"ImageObject","inLanguage":"en-US","@id":"https:\/\/tv.joycemeyer.org\/srbija\/devotional\/sta-je-vera\/#primaryimage","url":"https:\/\/tv.joycemeyer.org\/srbija\/wp-content\/uploads\/sites\/86\/2019\/08\/1040.jpg","contentUrl":"https:\/\/tv.joycemeyer.org\/srbija\/wp-content\/uploads\/sites\/86\/2019\/08\/1040.jpg","width":960,"height":540,"caption":"\u0160ta je vera?"},{"@type":"BreadcrumbList","@id":"https:\/\/tv.joycemeyer.org\/srbija\/devotional\/sta-je-vera\/#breadcrumb","itemListElement":[{"@type":"ListItem","position":1,"name":"Home","item":"https:\/\/tv.joycemeyer.org\/srbija\/"},{"@type":"ListItem","position":2,"name":"Devotional","item":"https:\/\/tv.joycemeyer.org\/srbija\/devotional\/"},{"@type":"ListItem","position":3,"name":"\u0160ta je vera?"}]},{"@type":"WebSite","@id":"https:\/\/tv.joycemeyer.org\/srbija\/#website","url":"https:\/\/tv.joycemeyer.org\/srbija\/","name":"Joyce Meyer Ministries - Srbija","description":"Deliti Hrista - voleti ljude","potentialAction":[{"@type":"SearchAction","target":{"@type":"EntryPoint","urlTemplate":"https:\/\/tv.joycemeyer.org\/srbija\/?s={search_term_string}"},"query-input":{"@type":"PropertyValueSpecification","valueRequired":true,"valueName":"search_term_string"}}],"inLanguage":"en-US"}]}},"_links":{"self":[{"href":"https:\/\/tv.joycemeyer.org\/srbija\/wp-json\/wp\/v2\/devotional\/720","targetHints":{"allow":["GET"]}}],"collection":[{"href":"https:\/\/tv.joycemeyer.org\/srbija\/wp-json\/wp\/v2\/devotional"}],"about":[{"href":"https:\/\/tv.joycemeyer.org\/srbija\/wp-json\/wp\/v2\/types\/devotional"}],"author":[{"embeddable":true,"href":"https:\/\/tv.joycemeyer.org\/srbija\/wp-json\/wp\/v2\/users\/15"}],"replies":[{"embeddable":true,"href":"https:\/\/tv.joycemeyer.org\/srbija\/wp-json\/wp\/v2\/comments?post=720"}],"wp:featuredmedia":[{"embeddable":true,"href":"https:\/\/tv.joycemeyer.org\/srbija\/wp-json\/wp\/v2\/media\/721"}],"wp:attachment":[{"href":"https:\/\/tv.joycemeyer.org\/srbija\/wp-json\/wp\/v2\/media?parent=720"}],"curies":[{"name":"wp","href":"https:\/\/api.w.org\/{rel}","templated":true}]}}